{"id":253117,"date":"2023-02-26T23:02:07","date_gmt":"2023-02-26T21:02:07","guid":{"rendered":"https:\/\/vitaproduct.com\/isotex-ab-zid-zavjesa\/"},"modified":"2025-04-29T15:30:00","modified_gmt":"2025-04-29T13:30:00","slug":"isotex-ab-zid-zavjesa","status":"publish","type":"page","link":"https:\/\/vitaproduct.com\/hr\/isotex-ab-zid-zavjesa\/","title":{"rendered":"Toplinska izolacija + nova konstrukcija"},"content":{"rendered":"<p>[et_pb_section fb_built=&#8221;1&#8243; _builder_version=&#8221;4.20.0&#8243; _module_preset=&#8221;default&#8221; custom_margin=&#8221;||0px||false|false&#8221; custom_padding=&#8221;10px||0px||false|false&#8221; locked=&#8221;off&#8221; collapsed=&#8221;on&#8221; global_colors_info=&#8221;{}&#8221;][et_pb_row _builder_version=&#8221;4.19.4&#8243; _module_preset=&#8221;default&#8221; global_colors_info=&#8221;{}&#8221;][et_pb_column type=&#8221;4_4&#8243; _builder_version=&#8221;4.19.4&#8243; _module_preset=&#8221;default&#8221; global_colors_info=&#8221;{}&#8221;][et_pb_text _builder_version=&#8221;4.20.0&#8243; _module_preset=&#8221;default&#8221; text_text_color=&#8221;#00569c&#8221; header_font=&#8221;|700||on|||||&#8221; header_text_color=&#8221;#00569c&#8221; header_font_size=&#8221;63px&#8221; header_line_height=&#8221;73px&#8221; text_orientation=&#8221;center&#8221; custom_margin=&#8221;||0px||false|false&#8221; custom_padding=&#8221;||0px||false|false&#8221; header_font_size_tablet=&#8221;60px&#8221; header_font_size_phone=&#8221;30px&#8221; header_font_size_last_edited=&#8221;on|phone&#8221; header_line_height_tablet=&#8221;70px&#8221; header_line_height_phone=&#8221;40px&#8221; header_line_height_last_edited=&#8221;on|tablet&#8221; locked=&#8221;off&#8221; global_colors_info=&#8221;{}&#8221;]<\/p>\n<h1>TOPLINSKA IZOLACIJA + nova konstrukcija<\/h1>\n<p>[\/et_pb_text][et_pb_text _builder_version=&#8221;4.20.2&#8243; _module_preset=&#8221;default&#8221; text_font=&#8221;|300|||||||&#8221; text_line_height=&#8221;27px&#8221; text_orientation=&#8221;center&#8221; locked=&#8221;off&#8221; global_colors_info=&#8221;{}&#8221;]<\/p>\n<p>Seizmi\u010dka i energetska nadogradnja zgrada s armiranobetonskim toplinski izoliranim zidnim zavjesama Isotex\u00ae<\/p>\n<p>[\/et_pb_text][\/et_pb_column][\/et_pb_row][\/et_pb_section][et_pb_section fb_built=&#8221;1&#8243; _builder_version=&#8221;4.20.0&#8243; _module_preset=&#8221;default&#8221; custom_margin=&#8221;0px||||false|false&#8221; custom_padding=&#8221;0px||||false|false&#8221; border_width_bottom=&#8221;1px&#8221; border_color_bottom=&#8221;#d3d2d3&#8243; locked=&#8221;off&#8221; collapsed=&#8221;on&#8221; global_colors_info=&#8221;{}&#8221;][et_pb_row _builder_version=&#8221;4.20.0&#8243; _module_preset=&#8221;default&#8221; custom_margin=&#8221;0px||||false|false&#8221; custom_padding=&#8221;0px||||false|false&#8221; global_colors_info=&#8221;{}&#8221;][et_pb_column type=&#8221;4_4&#8243; _builder_version=&#8221;4.20.0&#8243; _module_preset=&#8221;default&#8221; global_colors_info=&#8221;{}&#8221;][et_pb_text _builder_version=&#8221;4.20.2&#8243; _module_preset=&#8221;default&#8221; header_2_font=&#8221;|||on|||||&#8221; header_2_text_color=&#8221;#00569c&#8221; header_2_font_size=&#8221;24px&#8221; header_2_line_height=&#8221;1.3em&#8221; header_3_font=&#8221;|||on|||||&#8221; header_3_text_color=&#8221;#00569c&#8221; header_3_font_size=&#8221;24px&#8221; header_3_line_height=&#8221;34px&#8221; text_orientation=&#8221;center&#8221; header_2_font_size_tablet=&#8221;21px&#8221; header_2_font_size_phone=&#8221;18px&#8221; header_2_font_size_last_edited=&#8221;on|desktop&#8221; header_3_font_size_tablet=&#8221;21px&#8221; header_3_font_size_phone=&#8221;18px&#8221; header_3_font_size_last_edited=&#8221;on|tablet&#8221; header_3_line_height_tablet=&#8221;31px&#8221; header_3_line_height_phone=&#8221;28px&#8221; header_3_line_height_last_edited=&#8221;on|phone&#8221; global_colors_info=&#8221;{}&#8221;]<\/p>\n<h2 style=\"text-align: center;\">Savr\u0161eno rje\u0161enje za rekonstrukciju objekta<\/h2>\n<p>[\/et_pb_text][\/et_pb_column][\/et_pb_row][et_pb_row column_structure=&#8221;3_5,2_5&#8243; use_custom_gutter=&#8221;on&#8221; gutter_width=&#8221;2&#8243; _builder_version=&#8221;4.20.0&#8243; _module_preset=&#8221;default&#8221; custom_margin=&#8221;0px||||false|false&#8221; custom_padding=&#8221;0px||||false|false&#8221; global_colors_info=&#8221;{}&#8221;][et_pb_column type=&#8221;3_5&#8243; _builder_version=&#8221;4.20.0&#8243; _module_preset=&#8221;default&#8221; global_colors_info=&#8221;{}&#8221;][et_pb_code _builder_version=&#8221;4.20.2&#8243; _module_preset=&#8221;default&#8221; animation_style=&#8221;slide&#8221; animation_direction=&#8221;left&#8221; animation_intensity_slide=&#8221;10%&#8221; global_colors_info=&#8221;{}&#8221;]<picture><source srcset=\"https:\/\/vitaproduct.com\/wp-content\/uploads\/2023\/02\/savrseno-rjesenje-za-rekonstrukciju-objekta.webp\" type=\"image\/webp\"><source srcset=\"https:\/\/vitaproduct.com\/wp-content\/uploads\/2023\/02\/savrseno-rjesenje-za-rekonstrukciju-objekta.jpg\" type=\"image\/jpeg\"><img decoding=\"async\" src=\"https:\/\/vitaproduct.com\/wp-content\/uploads\/2023\/02\/savrseno-rjesenje-za-rekonstrukciju-objekta.jpg\" alt=\"Savr\u0161eno rje\u0161enje za rekonstrukciju objekta\" title=\"Savr\u0161eno rje\u0161enje za rekonstrukciju objekta\" loading=\"lazy\" width=\"1200\" height=\"551\"><\/picture>[\/et_pb_code][\/et_pb_column][et_pb_column type=&#8221;2_5&#8243; _builder_version=&#8221;4.20.0&#8243; _module_preset=&#8221;default&#8221; global_colors_info=&#8221;{}&#8221;][et_pb_text _builder_version=&#8221;4.20.2&#8243; _module_preset=&#8221;default&#8221; text_font=&#8221;|300|||||||&#8221; text_line_height=&#8221;27px&#8221; header_line_height=&#8221;1.5em&#8221; header_2_font=&#8221;|||on|||||&#8221; header_2_text_color=&#8221;#00569c&#8221; header_2_font_size=&#8221;20px&#8221; header_2_line_height=&#8221;1.5em&#8221; global_colors_info=&#8221;{}&#8221;]<\/p>\n<p>U slu\u010daju da se ne \u017eelite odlu\u010diti za ru\u0161enje zgrade, postoji novo rje\u0161enje tvrtke <strong>ISOTEX\u00ae<\/strong> za antiseizmi\u010dku i energetsku sanaciju postoje\u0107ih zgrada. Predstavlja antiseizmi\u010dku prilagodbu zgrade kori\u0161tenjem ISOTEX\u00ae zidne zavjese. Zidna zavjesa izgra\u0111ena je uz postoje\u0107i zid koji se prote\u017ee cijelom visinom zgrade, a ISOTEX\u00ae zid je s njim spojen \u010deli\u010dnim sidrima. U tim slu\u010dajevima, adaptacija zgrade <strong>ISOTEX\u00ae<\/strong> zidovima idealno je rje\u0161enje za pobolj\u0161anje seizmi\u010dkih i toplinsko-izolacijskih karakteristika zgrade, predstavljaju\u0107i minimalno invazivno rje\u0161enje koje omogu\u0107uje stanarima zgrade da ne moraju napu\u0161tati svoju zgradu tijekom radova.<\/p>\n<p>[\/et_pb_text][\/et_pb_column][\/et_pb_row][et_pb_row _builder_version=&#8221;4.20.0&#8243; _module_preset=&#8221;default&#8221; global_colors_info=&#8221;{}&#8221;][et_pb_column type=&#8221;4_4&#8243; _builder_version=&#8221;4.20.0&#8243; _module_preset=&#8221;default&#8221; global_colors_info=&#8221;{}&#8221;][et_pb_text _builder_version=&#8221;4.20.2&#8243; _module_preset=&#8221;default&#8221; header_2_font=&#8221;|||on|||||&#8221; header_2_text_color=&#8221;#00569c&#8221; header_2_font_size=&#8221;24px&#8221; header_2_line_height=&#8221;1.3em&#8221; header_3_font=&#8221;|||on|||||&#8221; header_3_text_color=&#8221;#00569c&#8221; header_3_font_size=&#8221;24px&#8221; header_3_line_height=&#8221;34px&#8221; text_orientation=&#8221;center&#8221; header_2_font_size_tablet=&#8221;21px&#8221; header_2_font_size_phone=&#8221;18px&#8221; header_2_font_size_last_edited=&#8221;on|tablet&#8221; header_3_font_size_tablet=&#8221;21px&#8221; header_3_font_size_phone=&#8221;18px&#8221; header_3_font_size_last_edited=&#8221;on|phone&#8221; header_3_line_height_tablet=&#8221;31px&#8221; header_3_line_height_phone=&#8221;28px&#8221; header_3_line_height_last_edited=&#8221;on|phone&#8221; locked=&#8221;off&#8221; global_colors_info=&#8221;{}&#8221;]<\/p>\n<h3>OD \u010cEGA SE SASTOJI SEIZMI\u010cKA I ENERGETSKA ADAPTACIJA IZVEDENA S ISOTEX\u00ae ZIDOVIMA?<\/h3>\n<p>[\/et_pb_text][\/et_pb_column][\/et_pb_row][et_pb_row column_structure=&#8221;1_2,1_2&#8243; use_custom_gutter=&#8221;on&#8221; gutter_width=&#8221;2&#8243; _builder_version=&#8221;4.20.0&#8243; _module_preset=&#8221;default&#8221; global_colors_info=&#8221;{}&#8221;][et_pb_column type=&#8221;1_2&#8243; _builder_version=&#8221;4.20.0&#8243; _module_preset=&#8221;default&#8221; global_colors_info=&#8221;{}&#8221;][et_pb_text _builder_version=&#8221;4.20.2&#8243; _module_preset=&#8221;default&#8221; text_font=&#8221;|300|||||||&#8221; text_line_height=&#8221;27px&#8221; header_line_height=&#8221;1.5em&#8221; header_2_font=&#8221;|||on|||||&#8221; header_2_text_color=&#8221;#00569c&#8221; header_2_font_size=&#8221;20px&#8221; header_2_line_height=&#8221;1.5em&#8221; global_colors_info=&#8221;{}&#8221;]<\/p>\n<p><strong>ISOTEX\u00ae<\/strong> armirani zidovi, stvaraju\u0107i perimetralni toplinski izolirani armiranobetonski zid zavjese spojen na postoje\u0107u konstrukciju, istovremeno omogu\u0107uju radove na seizmi\u010dkoj sigurnosti i toplinskoj izolaciji. Zapravo, izvrsna antiseizmi\u010dka svojstva <strong>ISOTEX\u00ae<\/strong> tehnologije omogu\u0107uju seizmi\u010dko pobolj\u0161anje postoje\u0107e zgrade, dok prisutnost <strong>EPS Neopor\u00ae BMB (Biomass Balance)<\/strong> toplinskog izolacijskog ulo\u0161ka tvrtke <strong>BASF\u00ae,<\/strong> sadr\u017eanog u Isotex blokovima, upotpunjuje novi za\u0161titni zid zgrade s izvanrednim pobolj\u0161anjem energetske u\u010dinkovitosti zgrade.<\/p>\n<p>Konstrukcijski dio seizmi\u010dki otpornih <strong>Isotex\u00ae<\/strong> zidnih slojeva je armiranobetonska jezgra unutar Isotex blokova kroz koju prolaze horizontalne i vertikalne armaturne \u0161ipke. Na svaki red Isotex blokova ume\u0107e se horizontalna armatura, a na svakih 6 redova beton se ulijeva unutar Isotex blokova i ume\u0107u se vertikalne armature. Armiranobetonska toplinski izolirana zidna zavjesa <strong>Isotex\u00ae<\/strong> spojena je na postoje\u0107u konstrukciju sidrenjem u donjoj razini postoje\u0107eg zida i u razini poda. Kako bi se izbjegla pojava uru\u0161avanja i izbijanja zidova iz ravnine, moraju se osigurati spojevi izme\u0111u AB zidne zavjese Isotex\u00ae i postoje\u0107ih panela zgrade.<\/p>\n<p>Isotex\u00ae armiranobetonska toplinski izolirana fasada djeluje u sinergiji s postoje\u0107im konstrukcijama (bilo da su armiranobetonske ili zidane), to\u010dnije, \u0161titi ih od horizontalnog seizmi\u010dkog djelovanja, koje je glavni uzrok uru\u0161avanja zidova i pomaka izvan ravnine koji se javljaju tijekom seizmi\u010dkih doga\u0111aja.<\/p>\n<p>[\/et_pb_text][\/et_pb_column][et_pb_column type=&#8221;1_2&#8243; _builder_version=&#8221;4.20.0&#8243; _module_preset=&#8221;default&#8221; global_colors_info=&#8221;{}&#8221;][et_pb_code _builder_version=&#8221;4.20.2&#8243; _module_preset=&#8221;default&#8221; animation_style=&#8221;slide&#8221; animation_direction=&#8221;right&#8221; animation_intensity_slide=&#8221;10%&#8221; global_colors_info=&#8221;{}&#8221;]<picture><source srcset=\"https:\/\/vitaproduct.com\/wp-content\/uploads\/2023\/02\/seizmicka-i-energetska-adaptacija-1.webp\" type=\"image\/webp\"><source srcset=\"https:\/\/vitaproduct.com\/wp-content\/uploads\/2023\/02\/seizmicka-i-energetska-adaptacija-1.png\" type=\"image\/jpeg\"><img decoding=\"async\" src=\"https:\/\/vitaproduct.com\/wp-content\/uploads\/2023\/02\/seizmicka-i-energetska-adaptacija-1.png\" alt=\"Seizmi\u010dka i energetska adaptacija\" title=\"Seizmi\u010dka i energetska adaptacija\" loading=\"lazy\" width=\"518\" height=\"650\"><\/picture>[\/et_pb_code][\/et_pb_column][\/et_pb_row][et_pb_row _builder_version=&#8221;4.20.0&#8243; _module_preset=&#8221;default&#8221; global_colors_info=&#8221;{}&#8221;][et_pb_column type=&#8221;4_4&#8243; _builder_version=&#8221;4.20.0&#8243; _module_preset=&#8221;default&#8221; global_colors_info=&#8221;{}&#8221;][et_pb_code _builder_version=&#8221;4.20.2&#8243; _module_preset=&#8221;default&#8221; animation_style=&#8221;slide&#8221; animation_direction=&#8221;left&#8221; animation_intensity_slide=&#8221;10%&#8221; global_colors_info=&#8221;{}&#8221;]<picture><source srcset=\"https:\/\/vitaproduct.com\/wp-content\/uploads\/2023\/02\/ab-prevod-2.webp\" type=\"image\/webp\"><source srcset=\"https:\/\/vitaproduct.com\/wp-content\/uploads\/2023\/02\/ab-prevod-2.png\" type=\"image\/jpeg\"><img decoding=\"async\" src=\"https:\/\/vitaproduct.com\/wp-content\/uploads\/2023\/02\/ab-prevod-2.png\" alt=\"AB prevod\" title=\"AB prevod\" loading=\"lazy\" width=\"2048\" height=\"1103\"><\/picture>[\/et_pb_code][\/et_pb_column][\/et_pb_row][et_pb_row _builder_version=&#8221;4.20.0&#8243; _module_preset=&#8221;default&#8221; locked=&#8221;off&#8221; global_colors_info=&#8221;{}&#8221;][et_pb_column type=&#8221;4_4&#8243; _builder_version=&#8221;4.20.0&#8243; _module_preset=&#8221;default&#8221; global_colors_info=&#8221;{}&#8221;][et_pb_text _builder_version=&#8221;4.20.0&#8243; _module_preset=&#8221;default&#8221; header_2_font=&#8221;|||on|||||&#8221; header_2_text_color=&#8221;#00569c&#8221; header_2_font_size=&#8221;24px&#8221; header_2_line_height=&#8221;1.3em&#8221; header_3_font=&#8221;|||on|||||&#8221; header_3_text_color=&#8221;#00569c&#8221; header_3_font_size=&#8221;24px&#8221; header_3_line_height=&#8221;34px&#8221; text_orientation=&#8221;center&#8221; hover_enabled=&#8221;0&#8243; header_2_font_size_tablet=&#8221;21px&#8221; header_2_font_size_phone=&#8221;18px&#8221; header_2_font_size_last_edited=&#8221;on|tablet&#8221; header_3_font_size_tablet=&#8221;21px&#8221; header_3_font_size_phone=&#8221;18px&#8221; header_3_font_size_last_edited=&#8221;on|tablet&#8221; header_3_line_height_tablet=&#8221;31px&#8221; header_3_line_height_phone=&#8221;28px&#8221; header_3_line_height_last_edited=&#8221;on|phone&#8221; locked=&#8221;off&#8221; global_colors_info=&#8221;{}&#8221; sticky_enabled=&#8221;0&#8243;]<\/p>\n<h3>Prednosti seizmi\u010dke obnove sa Isotex-om<\/h3>\n<p>[\/et_pb_text][\/et_pb_column][\/et_pb_row][et_pb_row column_structure=&#8221;1_2,1_2&#8243; use_custom_gutter=&#8221;on&#8221; gutter_width=&#8221;2&#8243; _builder_version=&#8221;4.20.0&#8243; _module_preset=&#8221;default&#8221; global_colors_info=&#8221;{}&#8221;][et_pb_column type=&#8221;1_2&#8243; _builder_version=&#8221;4.20.0&#8243; _module_preset=&#8221;default&#8221; global_colors_info=&#8221;{}&#8221;][et_pb_code _builder_version=&#8221;4.20.2&#8243; _module_preset=&#8221;default&#8221; animation_style=&#8221;slide&#8221; animation_direction=&#8221;left&#8221; animation_intensity_slide=&#8221;10%&#8221; global_colors_info=&#8221;{}&#8221;]<picture><!-- [et_pb_line_break_holder] --><source srcset=\"https:\/\/vitaproduct.com\/wp-content\/uploads\/2023\/02\/obodna-greda-egzodijafragme.webp\" type=\"image\/webp\"><!-- [et_pb_line_break_holder] --><source srcset=\"https:\/\/vitaproduct.com\/wp-content\/uploads\/2023\/02\/obodna-greda-egzodijafragme.jpg\" type=\"image\/jpeg\"><!-- [et_pb_line_break_holder] --><img decoding=\"async\" src=\"https:\/\/vitaproduct.com\/wp-content\/uploads\/2023\/02\/obodna-greda-egzodijafragme.jpg\" alt=\"Obodna greda egzodijafragme\" title=\"Obodna greda egzodijafragme\" loading=\"lazy\" width=\"750\" height=\"282\"><!-- [et_pb_line_break_holder] --><\/picture>[\/et_pb_code][\/et_pb_column][et_pb_column type=&#8221;1_2&#8243; _builder_version=&#8221;4.20.0&#8243; _module_preset=&#8221;default&#8221; global_colors_info=&#8221;{}&#8221;][et_pb_text _builder_version=&#8221;4.20.2&#8243; _module_preset=&#8221;default&#8221; text_font=&#8221;|300|||||||&#8221; text_line_height=&#8221;27px&#8221; header_line_height=&#8221;1.5em&#8221; header_2_font=&#8221;|||on|||||&#8221; header_2_text_color=&#8221;#00569c&#8221; header_2_font_size=&#8221;20px&#8221; header_2_line_height=&#8221;1.5em&#8221; global_colors_info=&#8221;{}&#8221;]<\/p>\n<p>ISOTEX\u00ae zid se koristi za seizmi\u010dku za\u0161titu zgrada i pobolj\u0161anje njihove energetske u\u010dinkovitosti.<\/p>\n<p>Isotex zid od drveno-cementnih oplatnih blokova s \u200b\u200b<strong>EPS Neopor\u00ae BMB toplinskom izolacijom tvrtke BASF<\/strong>, ugra\u0111en na cijelom vanjskom obodu i pri\u010dvr\u0161\u0107en na postoje\u0107u zgradu posebnim sidrima, dovodi do izvrsne u\u0161tede u potro\u0161nji energije zgrade i izvrsne antiseizmi\u010dke sigurnosti zgrade.<\/p>\n<p>[\/et_pb_text][\/et_pb_column][\/et_pb_row][et_pb_row _builder_version=&#8221;4.20.0&#8243; _module_preset=&#8221;default&#8221; global_colors_info=&#8221;{}&#8221;][et_pb_column type=&#8221;4_4&#8243; _builder_version=&#8221;4.20.0&#8243; _module_preset=&#8221;default&#8221; global_colors_info=&#8221;{}&#8221;][et_pb_text content_tablet=&#8221;<\/p>\n<table border=%220%22 style=%22width: 100%; border-collapse: collapse; border-style: none; height: 300px;%22>\n<tbody>\n<tr>\n<td style=%22width: 3%; vertical-align: top;%22><coc>1<\/coc><\/td>\n<td style=%22width: 95%; vertical-align: top;%22><strong>Neinvazivna intervencija:<\/strong> AB termoizolovana zid zavjesa izgra\u0111en na spoljnoj strani postojec\u0301ih fasadnih zidova mo\u017ee stanarima pru\u017eiti moguc\u0301nost da ostanu u svojim domovima tokom radova.<\/td>\n<\/tr>\n<tr>\n<td style=%22width: 5%; vertical-align: top;%22><coc>2<\/coc><\/td>\n<td style=%22width: 95%; vertical-align: top;%22><strong>Jednom instalacionom operacijom dobija se dvostruka intervencija:<\/strong> antiseizmi\u010dka i toplotna izolacija.<\/td>\n<\/tr>\n<tr>\n<td style=%22width: 5%; vertical-align: top;%22><coc>3<\/coc><\/td>\n<td style=%22width: 95%; vertical-align: top;%22>Izvanredna brzina ugradnje, koja karakteri\u0161e gra\u0111evinski sistem Isotex\u00ae, <strong>garantuje onima koji \u017eive u zgradama i koji grade zgrade znatno smanjenje vremena izgradnje<\/strong>.<\/td>\n<\/tr>\n<tr>\n<td style=%22width: 5%; vertical-align: top;%22><coc>4<\/coc><\/td>\n<td style=%22width: 95%; vertical-align: top;%22>BASF-ovi inovativna termoizolacija <strong>EPS Neopor\u00ae BMB<\/strong>, unutar Isotex\u00ae oplatnih blokova, omoguc\u0301avaju potpuno uskla\u0111ivanje sa zahtevima CAM-a, osiguravajuc\u0301i odli\u010dne performanse u <strong>pogledu energetske efikasnosti i pobolj\u0161anje za dve energetske klase<\/strong>.<\/td>\n<\/tr>\n<\/tbody>\n<\/table>\n<p>&#8221; content_last_edited=&#8221;off|phone&#8221; _builder_version=&#8221;4.20.2&#8243; _module_preset=&#8221;default&#8221; text_font=&#8221;|300|||||||&#8221; text_line_height=&#8221;27px&#8221; header_line_height=&#8221;1.5em&#8221; header_2_font=&#8221;|||on|||||&#8221; header_2_text_color=&#8221;#00569c&#8221; header_2_font_size=&#8221;20px&#8221; header_2_line_height=&#8221;1.5em&#8221; global_colors_info=&#8221;{}&#8221;]<\/p>\n<table border=\"0\" style=\"width: 100%; border-collapse: collapse; border-style: none; height: 300px;\">\n<tbody>\n<tr>\n<td style=\"width: 5%; vertical-align: top;\"><coc>1<\/coc><\/td>\n<td style=\"width: 95%; vertical-align: top;\"><strong>Neinvazivna intervencija<\/strong>: Armiranobetonska toplinski izolirana zidna zavjesa izgra\u0111ena na vanjskoj strani postoje\u0107ih fasadnih zidova mo\u017ee stanovnicima pru\u017eiti mogu\u0107nost da ostanu u svojim domovima tijekom radova.<\/td>\n<\/tr>\n<tr>\n<td style=\"width: 5%; vertical-align: top;\"><coc>2<\/coc><\/td>\n<td style=\"width: 95%; vertical-align: top;\"><strong>Jedna instalacijska operacija pru\u017ea dvostruku intervenciju<\/strong>: antiseizmi\u010dku i toplinsku izolaciju..<\/td>\n<\/tr>\n<tr>\n<td style=\"width: 5%; vertical-align: top;\"><coc>3<\/coc><\/td>\n<td style=\"width: 95%; vertical-align: top;\"><strong>Izvanredna brzina ugradnje, koja karakterizira Isotex\u00ae gra\u0111evinski sustav<\/strong>, jam\u010di onima koji \u017eive u zgradama i koji grade <strong>zgrade zna\u010dajno smanjenje vremena gradnje.<\/strong><\/td>\n<\/tr>\n<tr>\n<td style=\"width: 5%; vertical-align: top;\"><coc>4<\/coc><\/td>\n<td style=\"width: 95%; vertical-align: top;\"><strong>BASF-ova inovativna EPS Neopor\u00ae BMB<\/strong> toplinska izolacija, unutar <strong>Isotex\u00ae<\/strong> oplatnih blokova, omogu\u0107uje potpunu uskla\u0111enost sa zahtjevima CAM-a, osiguravaju\u0107i izvrsne <strong>performanse u smislu energetske u\u010dinkovitosti i pobolj\u0161anje za dva energetska razreda<\/strong>.<\/td>\n<\/tr>\n<\/tbody>\n<\/table>\n<p>[\/et_pb_text][\/et_pb_column][\/et_pb_row][et_pb_row _builder_version=&#8221;4.20.0&#8243; _module_preset=&#8221;default&#8221; locked=&#8221;off&#8221; global_colors_info=&#8221;{}&#8221;][et_pb_column type=&#8221;4_4&#8243; _builder_version=&#8221;4.20.0&#8243; _module_preset=&#8221;default&#8221; global_colors_info=&#8221;{}&#8221;][et_pb_text _builder_version=&#8221;4.20.0&#8243; _module_preset=&#8221;default&#8221; header_2_font=&#8221;|||on|||||&#8221; header_2_text_color=&#8221;#00569c&#8221; header_2_font_size=&#8221;24px&#8221; header_2_line_height=&#8221;1.3em&#8221; header_3_font=&#8221;|||on|||||&#8221; header_3_text_color=&#8221;#00569c&#8221; header_3_font_size=&#8221;24px&#8221; header_3_line_height=&#8221;34px&#8221; text_orientation=&#8221;center&#8221; header_2_font_size_tablet=&#8221;21px&#8221; header_2_font_size_phone=&#8221;18px&#8221; header_2_font_size_last_edited=&#8221;on|tablet&#8221; header_3_font_size_tablet=&#8221;21px&#8221; header_3_font_size_phone=&#8221;18px&#8221; header_3_font_size_last_edited=&#8221;on|tablet&#8221; header_3_line_height_tablet=&#8221;31px&#8221; header_3_line_height_phone=&#8221;28px&#8221; header_3_line_height_last_edited=&#8221;on|phone&#8221; locked=&#8221;off&#8221; global_colors_info=&#8221;{}&#8221;]<\/p>\n<h3>Zatra\u017eite sastavljeno i potpuno izvje\u0161\u0107e o seizmi\u010dkoj adaptaciji od Sveu\u010dili\u0161ta u Paviji (DICAR)<\/h3>\n<p>[\/et_pb_text][\/et_pb_column][\/et_pb_row][et_pb_row column_structure=&#8221;1_4,3_4&#8243; use_custom_gutter=&#8221;on&#8221; gutter_width=&#8221;2&#8243; make_equal=&#8221;on&#8221; _builder_version=&#8221;4.20.2&#8243; _module_preset=&#8221;default&#8221; positioning=&#8221;none&#8221; position_origin_a=&#8221;center_center&#8221; custom_padding=&#8221;20px|20px|20px|20px|false|false&#8221; border_width_all=&#8221;1px&#8221; border_color_all=&#8221;#d3d2d3&#8243; global_colors_info=&#8221;{}&#8221;][et_pb_column type=&#8221;1_4&#8243; _builder_version=&#8221;4.20.0&#8243; _module_preset=&#8221;default&#8221; global_colors_info=&#8221;{}&#8221;][et_pb_code _builder_version=&#8221;4.20.2&#8243; _module_preset=&#8221;default&#8221; animation_style=&#8221;slide&#8221; animation_direction=&#8221;left&#8221; animation_intensity_slide=&#8221;10%&#8221; global_colors_info=&#8221;{}&#8221;]<picture><source srcset=\"https:\/\/vitaproduct.com\/wp-content\/uploads\/2023\/02\/izvestaj-dicar.webp\" type=\"image\/webp\"><source srcset=\"https:\/\/vitaproduct.com\/wp-content\/uploads\/2023\/02\/izvestaj-dicar.png\" type=\"image\/jpeg\"><img decoding=\"async\" src=\"https:\/\/vitaproduct.com\/wp-content\/uploads\/2023\/02\/izvestaj-dicar.png\" alt=\"Isve\u0161taj DICAR\" title=\"Isve\u0161taj DICAR\" loading=\"lazy\" width=\"590\" height=\"675\"><\/picture>[\/et_pb_code][\/et_pb_column][et_pb_column type=&#8221;3_4&#8243; _builder_version=&#8221;4.20.0&#8243; _module_preset=&#8221;default&#8221; custom_css_main_element=&#8221;margin:auto;&#8221; global_colors_info=&#8221;{}&#8221;][et_pb_text _builder_version=&#8221;4.20.2&#8243; _module_preset=&#8221;default&#8221; text_font=&#8221;|300|||||||&#8221; text_text_color=&#8221;#FFFFFF&#8221; text_line_height=&#8221;27px&#8221; background_color=&#8221;#00569c&#8221; custom_padding=&#8221;30px|30px|30px|30px|false|false&#8221; custom_padding_tablet=&#8221;30px|30px|30px|30px|false|false&#8221; custom_padding_phone=&#8221;10px|10px|10px|10px|false|false&#8221; custom_padding_last_edited=&#8221;on|phone&#8221; global_colors_info=&#8221;{}&#8221;]<\/p>\n<p>Izvje\u0161\u0107e je pripremio Odjel za gra\u0111evinarstvo i arhitekturu Sveu\u010dili\u0161ta u Paviji (DICAR), a temelji se na studiji seizmi\u010dke sanacije zgrade kori\u0161tenjem Isotex armiranobetonskih zidnih zavjesa. Voditelj projekta je <strong>prof. Alberto Pavese<\/strong>.<\/p>\n<p>[\/et_pb_text][\/et_pb_column][\/et_pb_row][et_pb_row _builder_version=&#8221;4.20.0&#8243; _module_preset=&#8221;default&#8221; global_colors_info=&#8221;{}&#8221;][et_pb_column type=&#8221;4_4&#8243; _builder_version=&#8221;4.20.0&#8243; _module_preset=&#8221;default&#8221; global_colors_info=&#8221;{}&#8221;][et_pb_code _builder_version=&#8221;4.20.2&#8243; _module_preset=&#8221;default&#8221; animation_style=&#8221;slide&#8221; animation_direction=&#8221;right&#8221; animation_intensity_slide=&#8221;10%&#8221; global_colors_info=&#8221;{}&#8221;]<picture><source srcset=\"https:\/\/vitaproduct.com\/wp-content\/uploads\/2023\/02\/izvestaj-dicar-u-paviji.webp\" type=\"image\/webp\"><source srcset=\"https:\/\/vitaproduct.com\/wp-content\/uploads\/2023\/02\/izvestaj-dicar-u-paviji.png\" type=\"image\/jpeg\"><img decoding=\"async\" src=\"https:\/\/vitaproduct.com\/wp-content\/uploads\/2023\/02\/izvestaj-dicar-u-paviji.png\" alt=\"Isve\u0161taj DICAR u Paviji\" title=\"Isve\u0161taj DICAR u Paviji\" loading=\"lazy\" width=\"1920\" height=\"1371\"><\/picture>[\/et_pb_code][\/et_pb_column][\/et_pb_row][et_pb_row _builder_version=&#8221;4.20.2&#8243; _module_preset=&#8221;default&#8221; custom_margin=&#8221;0px||0px||false|false&#8221; custom_padding=&#8221;0px||0px||false|false&#8221; global_colors_info=&#8221;{}&#8221;][et_pb_column type=&#8221;4_4&#8243; _builder_version=&#8221;4.20.0&#8243; _module_preset=&#8221;default&#8221; global_colors_info=&#8221;{}&#8221;][et_pb_text _builder_version=&#8221;4.20.2&#8243; _module_preset=&#8221;default&#8221; text_font=&#8221;|300|||||||&#8221; text_line_height=&#8221;27px&#8221; header_line_height=&#8221;1.5em&#8221; header_2_font=&#8221;|||on|||||&#8221; header_2_text_color=&#8221;#00569c&#8221; header_2_font_size=&#8221;20px&#8221; header_2_line_height=&#8221;1.5em&#8221; global_colors_info=&#8221;{}&#8221;]<\/p>\n<p>Studija je provedena na skeletnoj zgradi od armiranog betona. Vi\u0161ekatnica koja spaja ISOTEX\u00ae AB fasadu s postoje\u0107im zidovima metalnim sidrima, \u0161to daje ve\u0107u stabilnost konstrukciji.<\/p>\n<p>[\/et_pb_text][\/et_pb_column][\/et_pb_row][\/et_pb_section][et_pb_section fb_built=&#8221;1&#8243; _builder_version=&#8221;4.20.2&#8243; _module_preset=&#8221;default&#8221; custom_margin=&#8221;15px||||false|false&#8221; custom_padding=&#8221;15px||||false|false&#8221; border_width_bottom=&#8221;1px&#8221; border_color_bottom=&#8221;#d3d2d3&#8243; locked=&#8221;off&#8221; collapsed=&#8221;on&#8221; global_colors_info=&#8221;{}&#8221;][et_pb_row use_custom_gutter=&#8221;on&#8221; gutter_width=&#8221;2&#8243; _builder_version=&#8221;4.20.0&#8243; _module_preset=&#8221;default&#8221; custom_margin=&#8221;||||false|false&#8221; custom_padding=&#8221;0px|0px|20px|0px|false|false&#8221; global_colors_info=&#8221;{}&#8221;][et_pb_column type=&#8221;4_4&#8243; _builder_version=&#8221;4.19.4&#8243; _module_preset=&#8221;default&#8221; global_colors_info=&#8221;{}&#8221;][et_pb_text _builder_version=&#8221;4.20.2&#8243; _module_preset=&#8221;default&#8221; text_text_color=&#8221;#00569c&#8221; header_font=&#8221;|700|||||||&#8221; header_text_color=&#8221;#00569c&#8221; header_font_size=&#8221;63px&#8221; header_line_height=&#8221;1.2em&#8221; header_2_font=&#8221;|600|||||||&#8221; header_2_text_color=&#8221;#00569c&#8221; header_2_font_size=&#8221;40px&#8221; header_2_line_height=&#8221;50px&#8221; text_orientation=&#8221;center&#8221; custom_margin=&#8221;||0px||false|false&#8221; custom_padding=&#8221;||0px||false|false&#8221; header_font_size_tablet=&#8221;50px&#8221; header_font_size_phone=&#8221;28px&#8221; header_font_size_last_edited=&#8221;on|phone&#8221; header_2_font_size_tablet=&#8221;34px&#8221; header_2_font_size_phone=&#8221;24px&#8221; header_2_font_size_last_edited=&#8221;on|desktop&#8221; header_2_line_height_tablet=&#8221;44px&#8221; header_2_line_height_phone=&#8221;34px&#8221; header_2_line_height_last_edited=&#8221;on|desktop&#8221; locked=&#8221;off&#8221; global_colors_info=&#8221;{}&#8221;]<\/p>\n<h2>Pogledajte neke od na\u0161ih referentnih zgrada izgra\u0111enih s ISOTEX\u00ae materijalima<\/h2>\n<p>[\/et_pb_text][\/et_pb_column][\/et_pb_row][et_pb_row column_structure=&#8221;1_3,1_3,1_3&#8243; use_custom_gutter=&#8221;on&#8221; gutter_width=&#8221;2&#8243; _builder_version=&#8221;4.20.2&#8243; _module_preset=&#8221;default&#8221; custom_margin=&#8221;||||false|false&#8221; custom_padding=&#8221;20px||10px||false|false&#8221; animation_style=&#8221;slide&#8221; animation_direction=&#8221;right&#8221; animation_intensity_slide=&#8221;10%&#8221; locked=&#8221;off&#8221; global_colors_info=&#8221;{}&#8221;][et_pb_column type=&#8221;1_3&#8243; _builder_version=&#8221;4.20.0&#8243; _module_preset=&#8221;default&#8221; global_colors_info=&#8221;{}&#8221;][et_pb_code _builder_version=&#8221;4.27.0&#8243; _module_preset=&#8221;default&#8221; custom_padding=&#8221;||||false|false&#8221; link_option_url=&#8221;\/hr\/lux-apartmani-9-800m2-teslic-bih\/&#8221; hover_enabled=&#8221;0&#8243; locked=&#8221;off&#8221; global_colors_info=&#8221;{}&#8221; sticky_enabled=&#8221;0&#8243;]<picture><source srcset=\"https:\/\/vitaproduct.com\/wp-content\/uploads\/2023\/02\/lux-apartmani-teslic-9800m2-bih-featured-image.webp\" type=\"image\/webp\"><source srcset=\"https:\/\/vitaproduct.com\/wp-content\/uploads\/2023\/02\/lux-apartmani-teslic-9800m2-bih-featured-image.jpg\" type=\"image\/jpeg\"><img decoding=\"async\" src=\"https:\/\/vitaproduct.com\/wp-content\/uploads\/2023\/02\/lux-apartmani-teslic-9800m2-bih-featured-image.jpg\" alt=\"Lux apartmani \u2013 Tesli\u0107 9800m2 (BiH)\" title=\"Lux apartmani \u2013 Tesli\u0107 9800m2 (BiH)\" loading=\"lazy\" width=\"650\" height=\"451\"><\/picture>[\/et_pb_code][et_pb_text _builder_version=&#8221;4.27.0&#8243; _module_preset=&#8221;default&#8221; text_font=&#8221;|300|||||||&#8221; text_text_color=&#8221;#00569c&#8221; text_font_size=&#8221;18px&#8221; text_orientation=&#8221;center&#8221; custom_margin=&#8221;0px||||false|false&#8221; custom_padding=&#8221;0px|10px||10px|false|false&#8221; link_option_url=&#8221;\/hr\/lux-apartmani-9-800m2-teslic-bih\/&#8221; hover_enabled=&#8221;0&#8243; text_font_size_tablet=&#8221;18px&#8221; text_font_size_phone=&#8221;17px&#8221; text_font_size_last_edited=&#8221;on|tablet&#8221; locked=&#8221;off&#8221; global_colors_info=&#8221;{}&#8221; text_text_color__hover_enabled=&#8221;on|hover&#8221; text_text_color__hover=&#8221;#f26430&#8243; sticky_enabled=&#8221;0&#8243;]<\/p>\n<p>Lux apartmani &#8211; 9800m2 &#8211; Tesli\u0107, (BiH)<\/p>\n<p>[\/et_pb_text][\/et_pb_column][et_pb_column type=&#8221;1_3&#8243; _builder_version=&#8221;4.20.0&#8243; _module_preset=&#8221;default&#8221; global_colors_info=&#8221;{}&#8221;][et_pb_code _builder_version=&#8221;4.27.0&#8243; _module_preset=&#8221;default&#8221; link_option_url=&#8221;\/hr\/privatni-objekat-petrinja-cro\/&#8221; hover_enabled=&#8221;0&#8243; global_colors_info=&#8221;{}&#8221; sticky_enabled=&#8221;0&#8243;]<picture><source srcset=\"https:\/\/vitaproduct.com\/wp-content\/uploads\/2023\/02\/privatni-objekat-petrinja-cro-featured-image.webp\" type=\"image\/webp\"><source srcset=\"https:\/\/vitaproduct.com\/wp-content\/uploads\/2023\/02\/privatni-objekat-petrinja-cro-featured-image.jpg\" type=\"image\/jpeg\"><img decoding=\"async\" src=\"https:\/\/vitaproduct.com\/wp-content\/uploads\/2023\/02\/privatni-objekat-petrinja-cro-featured-image.jpg\" alt=\"Privatni objekat \u2013 Petrinja (CRO)\" title=\"Privatni objekat \u2013 Petrinja (CRO)\" loading=\"lazy\" width=\"650\" height=\"451\"><\/picture>[\/et_pb_code][et_pb_text _builder_version=&#8221;4.27.0&#8243; _module_preset=&#8221;default&#8221; text_font=&#8221;|300|||||||&#8221; text_text_color=&#8221;#00569c&#8221; text_font_size=&#8221;18px&#8221; text_orientation=&#8221;center&#8221; custom_margin=&#8221;0px||||false|false&#8221; custom_padding=&#8221;0px|10px||10px|false|false&#8221; link_option_url=&#8221;\/hr\/privatni-objekat-petrinja-cro\/&#8221; hover_enabled=&#8221;0&#8243; text_font_size_tablet=&#8221;18px&#8221; text_font_size_phone=&#8221;17px&#8221; text_font_size_last_edited=&#8221;on|tablet&#8221; locked=&#8221;off&#8221; global_colors_info=&#8221;{}&#8221; text_text_color__hover_enabled=&#8221;on|hover&#8221; text_text_color__hover=&#8221;#f26430&#8243; sticky_enabled=&#8221;0&#8243;]<\/p>\n<p>Privatni objekat &#8211; Petrinja, (CRO)<\/p>\n<p>[\/et_pb_text][\/et_pb_column][et_pb_column type=&#8221;1_3&#8243; _builder_version=&#8221;4.20.0&#8243; _module_preset=&#8221;default&#8221; global_colors_info=&#8221;{}&#8221;][et_pb_code _builder_version=&#8221;4.27.0&#8243; _module_preset=&#8221;default&#8221; link_option_url=&#8221;\/hr\/privatna-villa-1-380m2-banja-luka-bih\/&#8221; hover_enabled=&#8221;0&#8243; global_colors_info=&#8221;{}&#8221; sticky_enabled=&#8221;0&#8243;]<picture><source srcset=\"https:\/\/vitaproduct.com\/wp-content\/uploads\/2023\/02\/privatna-villa-banja-luka-1380m2-bih-featured-image.webp\" type=\"image\/webp\"><source srcset=\"https:\/\/vitaproduct.com\/wp-content\/uploads\/2023\/02\/privatna-villa-banja-luka-1380m2-bih-featured-image.jpg\" type=\"image\/jpeg\"><img decoding=\"async\" src=\"https:\/\/vitaproduct.com\/wp-content\/uploads\/2023\/02\/privatna-villa-banja-luka-1380m2-bih-featured-image.jpg\" alt=\"Privatna villa \u2013 Banja Luka 1380m2 (BiH)\" title=\"Privatna villa \u2013 Banja Luka 1380m2 (BiH)\" loading=\"lazy\" width=\"650\" height=\"451\"><\/picture>[\/et_pb_code][et_pb_text _builder_version=&#8221;4.27.0&#8243; _module_preset=&#8221;default&#8221; text_font=&#8221;|300|||||||&#8221; text_text_color=&#8221;#00569c&#8221; text_font_size=&#8221;18px&#8221; text_orientation=&#8221;center&#8221; custom_margin=&#8221;0px||||false|false&#8221; custom_padding=&#8221;0px|10px||10px|false|false&#8221; link_option_url=&#8221;\/hr\/privatna-villa-1-380m2-banja-luka-bih\/&#8221; hover_enabled=&#8221;0&#8243; text_font_size_tablet=&#8221;18px&#8221; text_font_size_phone=&#8221;17px&#8221; text_font_size_last_edited=&#8221;on|tablet&#8221; locked=&#8221;off&#8221; global_colors_info=&#8221;{}&#8221; text_text_color__hover_enabled=&#8221;on|hover&#8221; text_text_color__hover=&#8221;#f26430&#8243; sticky_enabled=&#8221;0&#8243;]<\/p>\n<p>Privatna villa &#8211; 1380m2 &#8211; Banja Luka, (BiH)<\/p>\n<p>[\/et_pb_text][\/et_pb_column][\/et_pb_row][\/et_pb_section]<\/p>\n","protected":false},"excerpt":{"rendered":"<p>Seizmi\u010dka i energetska sanacija zgrada s armiranobetonskim toplinski izoliranim zidom zavjese Isotex\u00ae. Idealno rje\u0161enje za rekonstrukciju zgrade.<\/p>\n","protected":false},"author":1,"featured_media":251220,"parent":0,"menu_order":0,"comment_status":"closed","ping_status":"closed","template":"","meta":{"_et_pb_use_builder":"on","_et_pb_old_content":"","_et_gb_content_width":"","footnotes":""},"class_list":["post-253117","page","type-page","status-publish","has-post-thumbnail","hentry"],"_links":{"self":[{"href":"https:\/\/vitaproduct.com\/hr\/wp-json\/wp\/v2\/pages\/253117","targetHints":{"allow":["GET"]}}],"collection":[{"href":"https:\/\/vitaproduct.com\/hr\/wp-json\/wp\/v2\/pages"}],"about":[{"href":"https:\/\/vitaproduct.com\/hr\/wp-json\/wp\/v2\/types\/page"}],"author":[{"embeddable":true,"href":"https:\/\/vitaproduct.com\/hr\/wp-json\/wp\/v2\/users\/1"}],"replies":[{"embeddable":true,"href":"https:\/\/vitaproduct.com\/hr\/wp-json\/wp\/v2\/comments?post=253117"}],"version-history":[{"count":2,"href":"https:\/\/vitaproduct.com\/hr\/wp-json\/wp\/v2\/pages\/253117\/revisions"}],"predecessor-version":[{"id":253446,"href":"https:\/\/vitaproduct.com\/hr\/wp-json\/wp\/v2\/pages\/253117\/revisions\/253446"}],"wp:featuredmedia":[{"embeddable":true,"href":"https:\/\/vitaproduct.com\/hr\/wp-json\/wp\/v2\/media\/251220"}],"wp:attachment":[{"href":"https:\/\/vitaproduct.com\/hr\/wp-json\/wp\/v2\/media?parent=253117"}],"curies":[{"name":"wp","href":"https:\/\/api.w.org\/{rel}","templated":true}]}}